{"id":4749,"date":"2020-03-09T14:57:48","date_gmt":"2020-03-09T13:57:48","guid":{"rendered":"https:\/\/newmolino.divitraining.nl\/sobre-nosotros-bed-and-breakfast-con-piscina-en-malaga-andalucia\/"},"modified":"2025-03-04T14:58:16","modified_gmt":"2025-03-04T13:58:16","slug":"sobre-nosotros-bed-and-breakfast-con-piscina-en-malaga-andalucia","status":"publish","type":"page","link":"https:\/\/hotel-molino.com\/es\/sobre-nosotros-bed-and-breakfast-con-piscina-en-malaga-andalucia\/","title":{"rendered":"Sobre nosotros | Bed and Breakfast con piscina en M\u00e1laga &#8211; Andaluc\u00eda"},"content":{"rendered":"<p>[et_pb_section fb_built=\u00bb1&#8243; _builder_version=\u00bb4.27.4&#8243; _module_preset=\u00bbdefault\u00bb custom_padding=\u00bb||0px|||\u00bb collapsed=\u00bboff\u00bb global_colors_info=\u00bb{}\u00bb][et_pb_row _builder_version=\u00bb4.27.4&#8243; _module_preset=\u00bbdefault\u00bb custom_padding=\u00bb4px||5px|||\u00bb global_colors_info=\u00bb{}\u00bb][et_pb_column type=\u00bb4_4&#8243; _builder_version=\u00bb4.27.4&#8243; _module_preset=\u00bbdefault\u00bb global_colors_info=\u00bb{}\u00bb][et_pb_text _builder_version=\u00bb4.27.4&#8243; _module_preset=\u00bbdefault\u00bb text_text_color=\u00bb#000000&#8243; header_font=\u00bb&#8211;et_global_heading_font|600|||||||\u00bb header_letter_spacing=\u00bb0px\u00bb global_colors_info=\u00bb{}\u00bb]<\/p>\n<h1>La historia familiar detr\u00e1s del B&amp;B El Molino Santisteban<\/h1>\n<p>[\/et_pb_text][\/et_pb_column][\/et_pb_row][et_pb_row column_structure=\u00bb1_2,1_2&#8243; _builder_version=\u00bb4.27.4&#8243; _module_preset=\u00bbdefault\u00bb custom_padding=\u00bb0px||0px||false|false\u00bb global_colors_info=\u00bb{}\u00bb][et_pb_column type=\u00bb1_2&#8243; _builder_version=\u00bb4.27.4&#8243; _module_preset=\u00bbdefault\u00bb global_colors_info=\u00bb{}\u00bb][et_pb_text _builder_version=\u00bb4.27.4&#8243; _module_preset=\u00bbdefault\u00bb text_text_color=\u00bb#000000&#8243; header_font=\u00bb&#8211;et_global_heading_font|600|||||||\u00bb header_letter_spacing=\u00bb0px\u00bb global_colors_info=\u00bb{}\u00bb]Tras nuestro viaje alrededor del mundo, surgi\u00f3 el deseo de fundar nuestro propio hotel a peque\u00f1a escala, donde el toque personal es clave y donde disfrutas de libertad como hu\u00e9sped.Pronto tuvimos claro que tendr\u00eda que ser en Espa\u00f1a. La cultura, la gente, el ritmo de vida, el clima fueron decisivos y ambos dominamos la lengua espa\u00f1ola. <\/p>\n<p> Tras el nacimiento de nuestro hijo Folkert y nuestra hija Clementine, pusimos fin a nuestras carreras y nos trasladamos a Andaluc\u00eda desde el centro de Haarlem en 2009.[\/et_pb_text][et_pb_text _builder_version=\u00bb4.27.4&#8243; _module_preset=\u00bbdefault\u00bb text_text_color=\u00bb#000000&#8243; global_colors_info=\u00bb{}\u00bb]Desde entonces, acogemos a hu\u00e9spedes de todo el mundo y nos complace presentarles esta hermosa regi\u00f3n con su rica historia.<br \/>\nDisfrutamos de nuestra nueva existencia y de la vida que hemos construido aqu\u00ed. Nos llena de satisfacci\u00f3n ofrecer a nuestros hu\u00e9spedes unas vacaciones maravillosas. Nuestros hijos se sienten como en casa en Espa\u00f1a y, tras su escolarizaci\u00f3n (espa\u00f1ola), ambos se fueron a estudiar a Holanda, pero siguen volviendo regularmente a casa.  <\/p>\n<p>Estamos muy contentos con nuestra nueva existencia. \u00a1Que sigamos muchos a\u00f1os m\u00e1s! <\/p>\n<p>\u00a1Esperamos darte pronto la bienvenida a El Molino Santisteban!<\/p>\n<p>Gerard Sieverts y Madeline Goedkoop[\/et_pb_text][\/et_pb_column][et_pb_column type=\u00bb1_2&#8243; _builder_version=\u00bb4.27.4&#8243; _module_preset=\u00bbdefault\u00bb global_colors_info=\u00bb{}\u00bb][et_pb_image src=\u00bbhttps:\/\/hotel-molino.com\/wp-content\/uploads\/2025\/01\/familia.jpg\u00bb alt=\u00bbB&amp;B-m\u00e1laga-peque\u00f1a escala\u00bb title_text=\u00bbfamilia\u00bb _builder_version=\u00bb4.27.4&#8243; _module_preset=\u00bbdefault\u00bb custom_margin=\u00bb0px||||false|false\u00bb custom_padding=\u00bb0px||||false|false\u00bb hover_enabled=\u00bb0&#8243; global_colors_info=\u00bb{}\u00bb sticky_enabled=\u00bb0&#8243;][\/et_pb_image][\/et_pb_column][\/et_pb_row][et_pb_row column_structure=\u00bb1_5,1_5,3_5&#8243; use_custom_gutter=\u00bbon\u00bb gutter_width=\u00bb2&#8243; _builder_version=\u00bb4.27.4&#8243; _module_preset=\u00bbdefault\u00bb global_colors_info=\u00bb{}\u00bb][et_pb_column type=\u00bb1_5&#8243; _builder_version=\u00bb4.27.4&#8243; _module_preset=\u00bbdefault\u00bb global_colors_info=\u00bb{}\u00bb][et_pb_button button_url=\u00bbhttps:\/\/hotel-molino.com\/es\/reserva\/\u00bb button_text=\u00bbReserva\u00bb button_alignment=\u00bbcenter\u00bb _builder_version=\u00bb4.27.4&#8243; _module_preset=\u00bbdefault\u00bb custom_button=\u00bbon\u00bb button_text_color=\u00bb#FFFFFF\u00bb button_bg_color=\u00bb#993365&#8243; custom_css_main_element=\u00bbwidth:100%;\u00bb global_colors_info=\u00bb{}\u00bb][\/et_pb_button][\/et_pb_column][et_pb_column type=\u00bb1_5&#8243; _builder_version=\u00bb4.27.4&#8243; _module_preset=\u00bbdefault\u00bb global_colors_info=\u00bb{}\u00bb][et_pb_button button_url=\u00bbhttps:\/\/hotel-molino.com\/es\/ponte-en-contacto-con\/\u00bb button_text=\u00bbPonte en contacto con\u00bb button_alignment=\u00bbcenter\u00bb _builder_version=\u00bb4.27.4&#8243; _module_preset=\u00bbdefault\u00bb custom_button=\u00bbon\u00bb button_text_color=\u00bb#FFFFFF\u00bb button_bg_color=\u00bb#FE9A01&#8243; custom_css_main_element=\u00bbwidth:100%;\u00bb global_colors_info=\u00bb{}\u00bb][\/et_pb_button][\/et_pb_column][et_pb_column type=\u00bb3_5&#8243; _builder_version=\u00bb4.27.4&#8243; _module_preset=\u00bbdefault\u00bb global_colors_info=\u00bb{}\u00bb][\/et_pb_column][\/et_pb_row][\/et_pb_section]<\/p>\n","protected":false},"excerpt":{"rendered":"<p>La historia familiar detr\u00e1s del B&amp;B El Molino SantistebanTras nuestro viaje alrededor del mundo, surgi\u00f3 el deseo de fundar nuestro propio hotel a peque\u00f1a escala, donde el toque personal es clave y donde disfrutas de libertad como hu\u00e9sped.Pronto tuvimos claro que tendr\u00eda que ser en Espa\u00f1a. La cultura, la gente, el ritmo de vida, el [&hellip;]<\/p>\n","protected":false},"author":1,"featured_media":0,"parent":0,"menu_order":0,"comment_status":"closed","ping_status":"open","template":"","meta":{"_acf_changed":false,"_et_pb_use_builder":"on","_et_pb_old_content":"","_et_gb_content_width":"","footnotes":""},"class_list":["post-4749","page","type-page","status-publish","hentry"],"acf":[],"_links":{"self":[{"href":"https:\/\/hotel-molino.com\/es\/wp-json\/wp\/v2\/pages\/4749","targetHints":{"allow":["GET"]}}],"collection":[{"href":"https:\/\/hotel-molino.com\/es\/wp-json\/wp\/v2\/pages"}],"about":[{"href":"https:\/\/hotel-molino.com\/es\/wp-json\/wp\/v2\/types\/page"}],"author":[{"embeddable":true,"href":"https:\/\/hotel-molino.com\/es\/wp-json\/wp\/v2\/users\/1"}],"replies":[{"embeddable":true,"href":"https:\/\/hotel-molino.com\/es\/wp-json\/wp\/v2\/comments?post=4749"}],"version-history":[{"count":0,"href":"https:\/\/hotel-molino.com\/es\/wp-json\/wp\/v2\/pages\/4749\/revisions"}],"wp:attachment":[{"href":"https:\/\/hotel-molino.com\/es\/wp-json\/wp\/v2\/media?parent=4749"}],"curies":[{"name":"wp","href":"https:\/\/api.w.org\/{rel}","templated":true}]}}